{"id":1086,"date":"2022-01-07T19:07:20","date_gmt":"2022-01-07T18:07:20","guid":{"rendered":"https:\/\/heerenveenlokaal.nl\/?page_id=1086"},"modified":"2026-03-28T11:11:43","modified_gmt":"2026-03-28T10:11:43","slug":"de-fractie","status":"publish","type":"page","link":"https:\/\/heerenveenlokaal.nl\/fy\/de-fractie\/","title":{"rendered":"de-fractie"},"content":{"rendered":"<div data-elementor-type=\"wp-page\" data-elementor-id=\"1086\" class=\"elementor elementor-1086\" data-elementor-post-type=\"page\">\n\t\t\t\t<div class=\"elementor-element elementor-element-c5d3598 e-flex e-con-boxed e-con e-parent\" data-id=\"c5d3598\" data-element_type=\"container\" data-e-type=\"container\">\n\t\t\t\t\t<div class=\"e-con-inner\">\n\t\t\t\t<div class=\"elementor-element elementor-element-2e5e32a elementor-widget elementor-widget-heading\" data-id=\"2e5e32a\" data-element_type=\"widget\" data-e-type=\"widget\" data-widget_type=\"heading.default\">\n\t\t\t\t<div class=\"elementor-widget-container\">\n\t\t\t\t\t<h2 class=\"elementor-heading-title elementor-size-default\">Lokale fraksje fan It Hearrenfean<\/h2>\t\t\t\t<\/div>\n\t\t\t\t<\/div>\n\t\t\t\t\t<\/div>\n\t\t\t\t<\/div>\n\t\t<div class=\"elementor-element elementor-element-1cbb5a0 e-flex e-con-boxed e-con e-parent\" data-id=\"1cbb5a0\" data-element_type=\"container\" data-e-type=\"container\">\n\t\t\t\t\t<div class=\"e-con-inner\">\n\t\t\t\t<div class=\"elementor-element elementor-element-41702e2 elementor-widget elementor-widget-text-editor\" data-id=\"41702e2\" data-element_type=\"widget\" data-e-type=\"widget\" data-widget_type=\"text-editor.default\">\n\t\t\t\t<div class=\"elementor-widget-container\">\n\t\t\t\t\t\t\t\t\t<p><strong>Leden fan &#039;e lokale fraksje fan It Hearrenfean<\/strong><\/p><p>By Heerenveen Lokaal binne wy grutsk op \u00fas ferskaat en tawijde partijleden dy&#039;t har ynsette foar de belangen fan \u00fas mienskip. Elk lid bringt unike feardigens en perspektiven mei, w\u00eartroch&#039;t wy in sterke en represintative partij binne.<\/p><p><strong>W\u00earom kieze foar Heerenveen Lokaal?<\/strong><\/p><ul><li><p><strong>Selsstannigens:<\/strong> Hearrenfean Lokaal is in \u00fbn\u00f4fhinklike partij dy&#039;t him net lit liede troch nasjonale politike belangen. Wy l\u00fasterje nei ynwenners en hannelje yn harren b\u00easte belang.<\/p><\/li><li><p><strong>Transpar\u00e2nsje:<\/strong> Wy leauwe yn iepen en earlike kommunikaasje. Gjin ferburgen agenda&#039;s of geheime aginda&#039;s, gewoan d\u00fadlike en transparante besl\u00fatfoarming.<\/p><\/li><li><p><strong>Belutsenens:<\/strong> Us leden binne djip belutsen by de mienskip en binne bewust fan &#039;e problemen. Wy binne altyd ree om te harkjen nei de soargen en idee\u00ebn fan ynwenners.<\/p><\/li><li><p><strong>Duorsumens:<\/strong> Wy sette \u00fas yn foar in duorsume takomst foar It Hearrenfean. Dat betsjut ynvestearjen yn griene enerzjy, natuerbeh\u00e2ld en miljeufreonlike inisjativen.<\/p><\/li><\/ul><p>Stim op Hearrenfean Lokaal foar in gemeente dy&#039;t echt nei har ynwenners l\u00fasteret en wurket oan in bettere takomst foar elkenien.<\/p>\t\t\t\t\t\t\t\t<\/div>\n\t\t\t\t<\/div>\n\t\t\t\t\t<\/div>\n\t\t\t\t<\/div>\n\t\t<div class=\"elementor-element elementor-element-ece8317 e-flex e-con-boxed e-con e-parent\" data-id=\"ece8317\" data-element_type=\"container\" data-e-type=\"container\">\n\t\t\t\t\t<div class=\"e-con-inner\">\n\t\t\t\t<div class=\"elementor-element elementor-element-ee4d3b2 elementor-widget elementor-widget-heading\" data-id=\"ee4d3b2\" data-element_type=\"widget\" data-e-type=\"widget\" data-widget_type=\"heading.default\">\n\t\t\t\t<div class=\"elementor-widget-container\">\n\t\t\t\t\t<h2 class=\"elementor-heading-title elementor-size-default\">Raadsleden Heerenveen Lokaal<\/h2>\t\t\t\t<\/div>\n\t\t\t\t<\/div>\n\t\t\t\t\t<\/div>\n\t\t\t\t<\/div>\n\t\t<div class=\"elementor-element elementor-element-92d5102 e-grid e-con-boxed e-con e-parent\" data-id=\"92d5102\" data-element_type=\"container\" data-e-type=\"container\">\n\t\t\t\t\t<div class=\"e-con-inner\">\n\t\t\t\t<div class=\"elementor-element elementor-element-2d1f8f2 elementor-widget elementor-widget-image\" data-id=\"2d1f8f2\" data-element_type=\"widget\" data-e-type=\"widget\" data-widget_type=\"image.default\">\n\t\t\t\t<div class=\"elementor-widget-container\">\n\t\t\t\t\t\t\t\t\t\t\t\t<figure class=\"wp-caption\">\n\t\t\t\t\t\t\t\t\t\t<img fetchpriority=\"high\" decoding=\"async\" width=\"200\" height=\"300\" src=\"https:\/\/heerenveenlokaal.nl\/wp-content\/uploads\/2025\/12\/Ankie-Speel-Bakker-2-200x300.webp\" class=\"attachment-medium size-medium wp-image-4565\" alt=\"Ankie Speel - Bakker\" srcset=\"https:\/\/heerenveenlokaal.nl\/wp-content\/uploads\/2025\/12\/Ankie-Speel-Bakker-2-200x300.webp 200w, https:\/\/heerenveenlokaal.nl\/wp-content\/uploads\/2025\/12\/Ankie-Speel-Bakker-2-682x1024.webp 682w, https:\/\/heerenveenlokaal.nl\/wp-content\/uploads\/2025\/12\/Ankie-Speel-Bakker-2-768x1153.webp 768w, https:\/\/heerenveenlokaal.nl\/wp-content\/uploads\/2025\/12\/Ankie-Speel-Bakker-2-1023x1536.webp 1023w, https:\/\/heerenveenlokaal.nl\/wp-content\/uploads\/2025\/12\/Ankie-Speel-Bakker-2-8x12.webp 8w, https:\/\/heerenveenlokaal.nl\/wp-content\/uploads\/2025\/12\/Ankie-Speel-Bakker-2.webp 1066w\" sizes=\"(max-width: 200px) 100vw, 200px\" \/>\t\t\t\t\t\t\t\t\t\t\t<figcaption class=\"widget-image-caption wp-caption-text\">Ankie Speel<\/figcaption>\n\t\t\t\t\t\t\t\t\t\t<\/figure>\n\t\t\t\t\t\t\t\t\t<\/div>\n\t\t\t\t<\/div>\n\t\t\t\t<div class=\"elementor-element elementor-element-37a86aa elementor-widget elementor-widget-image\" data-id=\"37a86aa\" data-element_type=\"widget\" data-e-type=\"widget\" data-widget_type=\"image.default\">\n\t\t\t\t<div class=\"elementor-widget-container\">\n\t\t\t\t\t\t\t\t\t\t\t\t<figure class=\"wp-caption\">\n\t\t\t\t\t\t\t\t\t\t<img decoding=\"async\" width=\"300\" height=\"300\" src=\"https:\/\/heerenveenlokaal.nl\/wp-content\/uploads\/2022\/01\/Lijsttrekker-Age-Hartsuiker-Heerenveen-Lokaal-scaled-1-300x300.webp\" class=\"attachment-medium size-medium wp-image-1198\" alt=\"Heerenveen Lokaal Lijsttrekker\" srcset=\"https:\/\/heerenveenlokaal.nl\/wp-content\/uploads\/2022\/01\/Lijsttrekker-Age-Hartsuiker-Heerenveen-Lokaal-scaled-1-300x300.webp 300w, https:\/\/heerenveenlokaal.nl\/wp-content\/uploads\/2022\/01\/Lijsttrekker-Age-Hartsuiker-Heerenveen-Lokaal-scaled-1-1024x1024.webp 1024w, https:\/\/heerenveenlokaal.nl\/wp-content\/uploads\/2022\/01\/Lijsttrekker-Age-Hartsuiker-Heerenveen-Lokaal-scaled-1-150x150.webp 150w, https:\/\/heerenveenlokaal.nl\/wp-content\/uploads\/2022\/01\/Lijsttrekker-Age-Hartsuiker-Heerenveen-Lokaal-scaled-1-768x768.webp 768w, https:\/\/heerenveenlokaal.nl\/wp-content\/uploads\/2022\/01\/Lijsttrekker-Age-Hartsuiker-Heerenveen-Lokaal-scaled-1-1536x1536.webp 1536w, https:\/\/heerenveenlokaal.nl\/wp-content\/uploads\/2022\/01\/Lijsttrekker-Age-Hartsuiker-Heerenveen-Lokaal-scaled-1.webp 1920w\" sizes=\"(max-width: 300px) 100vw, 300px\" \/>\t\t\t\t\t\t\t\t\t\t\t<figcaption class=\"widget-image-caption wp-caption-text\">Age Hartsuiker<\/figcaption>\n\t\t\t\t\t\t\t\t\t\t<\/figure>\n\t\t\t\t\t\t\t\t\t<\/div>\n\t\t\t\t<\/div>\n\t\t\t\t<div class=\"elementor-element elementor-element-c2a39cf elementor-widget elementor-widget-image\" data-id=\"c2a39cf\" data-element_type=\"widget\" data-e-type=\"widget\" data-widget_type=\"image.default\">\n\t\t\t\t<div class=\"elementor-widget-container\">\n\t\t\t\t\t\t\t\t\t\t\t\t<figure class=\"wp-caption\">\n\t\t\t\t\t\t\t\t\t\t<img decoding=\"async\" width=\"300\" height=\"300\" src=\"https:\/\/heerenveenlokaal.nl\/wp-content\/uploads\/2025\/01\/Tino-van-der-Ven-300x300.webp\" class=\"attachment-medium size-medium wp-image-2557\" alt=\"\" srcset=\"https:\/\/heerenveenlokaal.nl\/wp-content\/uploads\/2025\/01\/Tino-van-der-Ven-300x300.webp 300w, https:\/\/heerenveenlokaal.nl\/wp-content\/uploads\/2025\/01\/Tino-van-der-Ven-150x150.webp 150w, https:\/\/heerenveenlokaal.nl\/wp-content\/uploads\/2025\/01\/Tino-van-der-Ven.webp 400w\" sizes=\"(max-width: 300px) 100vw, 300px\" \/>\t\t\t\t\t\t\t\t\t\t\t<figcaption class=\"widget-image-caption wp-caption-text\">Tino van der Ven<\/figcaption>\n\t\t\t\t\t\t\t\t\t\t<\/figure>\n\t\t\t\t\t\t\t\t\t<\/div>\n\t\t\t\t<\/div>\n\t\t\t\t<div class=\"elementor-element elementor-element-fc73974 elementor-widget elementor-widget-image\" data-id=\"fc73974\" data-element_type=\"widget\" data-e-type=\"widget\" data-widget_type=\"image.default\">\n\t\t\t\t<div class=\"elementor-widget-container\">\n\t\t\t\t\t\t\t\t\t\t\t\t<figure class=\"wp-caption\">\n\t\t\t\t\t\t\t\t\t\t<img loading=\"lazy\" decoding=\"async\" width=\"207\" height=\"300\" src=\"https:\/\/heerenveenlokaal.nl\/wp-content\/uploads\/2022\/01\/Jeltsje-van-der-Schaar-1-scaled-1-207x300.jpg\" class=\"attachment-medium size-medium wp-image-1200\" alt=\"Heerenveen Lokaal Jeltsje van der Schaar\" srcset=\"https:\/\/heerenveenlokaal.nl\/wp-content\/uploads\/2022\/01\/Jeltsje-van-der-Schaar-1-scaled-1-207x300.jpg 207w, https:\/\/heerenveenlokaal.nl\/wp-content\/uploads\/2022\/01\/Jeltsje-van-der-Schaar-1-scaled-1-706x1024.jpg 706w, https:\/\/heerenveenlokaal.nl\/wp-content\/uploads\/2022\/01\/Jeltsje-van-der-Schaar-1-scaled-1-768x1115.jpg 768w, https:\/\/heerenveenlokaal.nl\/wp-content\/uploads\/2022\/01\/Jeltsje-van-der-Schaar-1-scaled-1-1058x1536.jpg 1058w, https:\/\/heerenveenlokaal.nl\/wp-content\/uploads\/2022\/01\/Jeltsje-van-der-Schaar-1-scaled-1-1411x2048.jpg 1411w, https:\/\/heerenveenlokaal.nl\/wp-content\/uploads\/2022\/01\/Jeltsje-van-der-Schaar-1-scaled-1-e1767444477389-8x12.webp 8w, https:\/\/heerenveenlokaal.nl\/wp-content\/uploads\/2022\/01\/Jeltsje-van-der-Schaar-1-scaled-1.jpg 1764w\" sizes=\"(max-width: 207px) 100vw, 207px\" \/>\t\t\t\t\t\t\t\t\t\t\t<figcaption class=\"widget-image-caption wp-caption-text\">Jeltsje van der Schaar<\/figcaption>\n\t\t\t\t\t\t\t\t\t\t<\/figure>\n\t\t\t\t\t\t\t\t\t<\/div>\n\t\t\t\t<\/div>\n\t\t\t\t<div class=\"elementor-element elementor-element-ced753f elementor-widget elementor-widget-image\" data-id=\"ced753f\" data-element_type=\"widget\" data-e-type=\"widget\" data-widget_type=\"image.default\">\n\t\t\t\t<div class=\"elementor-widget-container\">\n\t\t\t\t\t\t\t\t\t\t\t\t<figure class=\"wp-caption\">\n\t\t\t\t\t\t\t\t\t\t<img loading=\"lazy\" decoding=\"async\" width=\"300\" height=\"300\" src=\"https:\/\/heerenveenlokaal.nl\/wp-content\/uploads\/2025\/01\/anton-melein-300x300.webp\" class=\"attachment-medium size-medium wp-image-2559\" alt=\"Anton Melein Heerenveen Lokaal\" srcset=\"https:\/\/heerenveenlokaal.nl\/wp-content\/uploads\/2025\/01\/anton-melein-300x300.webp 300w, https:\/\/heerenveenlokaal.nl\/wp-content\/uploads\/2025\/01\/anton-melein-150x150.webp 150w, https:\/\/heerenveenlokaal.nl\/wp-content\/uploads\/2025\/01\/anton-melein.webp 400w\" sizes=\"(max-width: 300px) 100vw, 300px\" \/>\t\t\t\t\t\t\t\t\t\t\t<figcaption class=\"widget-image-caption wp-caption-text\">Anton Melein<\/figcaption>\n\t\t\t\t\t\t\t\t\t\t<\/figure>\n\t\t\t\t\t\t\t\t\t<\/div>\n\t\t\t\t<\/div>\n\t\t\t\t<div class=\"elementor-element elementor-element-89469b5 elementor-widget elementor-widget-image\" data-id=\"89469b5\" data-element_type=\"widget\" data-e-type=\"widget\" data-widget_type=\"image.default\">\n\t\t\t\t<div class=\"elementor-widget-container\">\n\t\t\t\t\t\t\t\t\t\t\t\t<figure class=\"wp-caption\">\n\t\t\t\t\t\t\t\t\t\t<img loading=\"lazy\" decoding=\"async\" width=\"300\" height=\"300\" src=\"https:\/\/heerenveenlokaal.nl\/wp-content\/uploads\/2026\/01\/6.-Nando-Vries-300x300.webp\" class=\"attachment-medium size-medium wp-image-4824\" alt=\"Nando de Vries Heerenveen Lokaal\" srcset=\"https:\/\/heerenveenlokaal.nl\/wp-content\/uploads\/2026\/01\/6.-Nando-Vries-300x300.webp 300w, https:\/\/heerenveenlokaal.nl\/wp-content\/uploads\/2026\/01\/6.-Nando-Vries-1024x1024.webp 1024w, https:\/\/heerenveenlokaal.nl\/wp-content\/uploads\/2026\/01\/6.-Nando-Vries-150x150.webp 150w, https:\/\/heerenveenlokaal.nl\/wp-content\/uploads\/2026\/01\/6.-Nando-Vries-768x768.webp 768w, https:\/\/heerenveenlokaal.nl\/wp-content\/uploads\/2026\/01\/6.-Nando-Vries-1536x1536.webp 1536w, https:\/\/heerenveenlokaal.nl\/wp-content\/uploads\/2026\/01\/6.-Nando-Vries-12x12.webp 12w, https:\/\/heerenveenlokaal.nl\/wp-content\/uploads\/2026\/01\/6.-Nando-Vries.webp 1920w\" sizes=\"(max-width: 300px) 100vw, 300px\" \/>\t\t\t\t\t\t\t\t\t\t\t<figcaption class=\"widget-image-caption wp-caption-text\">Nando Vries<\/figcaption>\n\t\t\t\t\t\t\t\t\t\t<\/figure>\n\t\t\t\t\t\t\t\t\t<\/div>\n\t\t\t\t<\/div>\n\t\t\t\t\t<\/div>\n\t\t\t\t<\/div>\n\t\t<div class=\"elementor-element elementor-element-b95e2da e-flex e-con-boxed e-con e-parent\" data-id=\"b95e2da\" data-element_type=\"container\" data-e-type=\"container\">\n\t\t\t\t\t<div class=\"e-con-inner\">\n\t\t\t\t<div class=\"elementor-element elementor-element-2151534 elementor-widget-divider--view-line elementor-widget elementor-widget-divider\" data-id=\"2151534\" data-element_type=\"widget\" data-e-type=\"widget\" data-widget_type=\"divider.default\">\n\t\t\t\t<div class=\"elementor-widget-container\">\n\t\t\t\t\t\t\t<div class=\"elementor-divider\">\n\t\t\t<span class=\"elementor-divider-separator\">\n\t\t\t\t\t\t<\/span>\n\t\t<\/div>\n\t\t\t\t\t\t<\/div>\n\t\t\t\t<\/div>\n\t\t\t\t\t<\/div>\n\t\t\t\t<\/div>\n\t\t<div class=\"elementor-element elementor-element-723fb73 e-flex e-con-boxed e-con e-parent\" data-id=\"723fb73\" data-element_type=\"container\" data-e-type=\"container\">\n\t\t\t\t\t<div class=\"e-con-inner\">\n\t\t\t\t<div class=\"elementor-element elementor-element-33c1371 elementor-widget elementor-widget-heading\" data-id=\"33c1371\" data-element_type=\"widget\" data-e-type=\"widget\" data-widget_type=\"heading.default\">\n\t\t\t\t<div class=\"elementor-widget-container\">\n\t\t\t\t\t<h2 class=\"elementor-heading-title elementor-size-default\">Commissieleden Heerenveen Lokaal<\/h2>\t\t\t\t<\/div>\n\t\t\t\t<\/div>\n\t\t\t\t\t<\/div>\n\t\t\t\t<\/div>\n\t\t<div class=\"elementor-element elementor-element-2aaf292 e-grid e-con-boxed e-con e-parent\" data-id=\"2aaf292\" data-element_type=\"container\" data-e-type=\"container\">\n\t\t\t\t\t<div class=\"e-con-inner\">\n\t\t\t\t<div class=\"elementor-element elementor-element-329f68a elementor-widget elementor-widget-image\" data-id=\"329f68a\" data-element_type=\"widget\" data-e-type=\"widget\" data-widget_type=\"image.default\">\n\t\t\t\t<div class=\"elementor-widget-container\">\n\t\t\t\t\t\t\t\t\t\t\t\t<figure class=\"wp-caption\">\n\t\t\t\t\t\t\t\t\t\t<img loading=\"lazy\" decoding=\"async\" width=\"215\" height=\"300\" src=\"https:\/\/heerenveenlokaal.nl\/wp-content\/uploads\/2025\/01\/norbert-bolman-215x300.webp\" class=\"attachment-medium size-medium wp-image-2560\" alt=\"Norbert Bolman Heerenveen Lokaal\" srcset=\"https:\/\/heerenveenlokaal.nl\/wp-content\/uploads\/2025\/01\/norbert-bolman-215x300.webp 215w, https:\/\/heerenveenlokaal.nl\/wp-content\/uploads\/2025\/01\/norbert-bolman.webp 286w\" sizes=\"(max-width: 215px) 100vw, 215px\" \/>\t\t\t\t\t\t\t\t\t\t\t<figcaption class=\"widget-image-caption wp-caption-text\">#18 Norbert Bolman<\/figcaption>\n\t\t\t\t\t\t\t\t\t\t<\/figure>\n\t\t\t\t\t\t\t\t\t<\/div>\n\t\t\t\t<\/div>\n\t\t\t\t<div class=\"elementor-element elementor-element-a202dfd elementor-widget elementor-widget-image\" data-id=\"a202dfd\" data-element_type=\"widget\" data-e-type=\"widget\" data-widget_type=\"image.default\">\n\t\t\t\t<div class=\"elementor-widget-container\">\n\t\t\t\t\t\t\t\t\t\t\t\t<figure class=\"wp-caption\">\n\t\t\t\t\t\t\t\t\t\t<img loading=\"lazy\" decoding=\"async\" width=\"257\" height=\"271\" src=\"https:\/\/heerenveenlokaal.nl\/wp-content\/uploads\/2022\/01\/Tony-Christopher.webp\" class=\"attachment-medium size-medium wp-image-1091\" alt=\"Heerenveen Lokaal Tony Christopher\" \/>\t\t\t\t\t\t\t\t\t\t\t<figcaption class=\"widget-image-caption wp-caption-text\">#15 Tony Christopher<\/figcaption>\n\t\t\t\t\t\t\t\t\t\t<\/figure>\n\t\t\t\t\t\t\t\t\t<\/div>\n\t\t\t\t<\/div>\n\t\t\t\t<div class=\"elementor-element elementor-element-b664543 elementor-widget elementor-widget-image\" data-id=\"b664543\" data-element_type=\"widget\" data-e-type=\"widget\" data-widget_type=\"image.default\">\n\t\t\t\t<div class=\"elementor-widget-container\">\n\t\t\t\t\t\t\t\t\t\t\t\t<figure class=\"wp-caption\">\n\t\t\t\t\t\t\t\t\t\t<img loading=\"lazy\" decoding=\"async\" width=\"300\" height=\"300\" src=\"https:\/\/heerenveenlokaal.nl\/wp-content\/uploads\/2025\/01\/Jerry-Speel-300x300.webp\" class=\"attachment-medium size-medium wp-image-2558\" alt=\"\" srcset=\"https:\/\/heerenveenlokaal.nl\/wp-content\/uploads\/2025\/01\/Jerry-Speel-300x300.webp 300w, https:\/\/heerenveenlokaal.nl\/wp-content\/uploads\/2025\/01\/Jerry-Speel-150x150.webp 150w, https:\/\/heerenveenlokaal.nl\/wp-content\/uploads\/2025\/01\/Jerry-Speel.webp 400w\" sizes=\"(max-width: 300px) 100vw, 300px\" \/>\t\t\t\t\t\t\t\t\t\t\t<figcaption class=\"widget-image-caption wp-caption-text\">Jerry Play<\/figcaption>\n\t\t\t\t\t\t\t\t\t\t<\/figure>\n\t\t\t\t\t\t\t\t\t<\/div>\n\t\t\t\t<\/div>\n\t\t\t\t\t<\/div>\n\t\t\t\t<\/div>\n\t\t\t\t<\/div>","protected":false},"excerpt":{"rendered":"<p>Fractie Heerenveen Lokaal Fractieleden van Heerenveen Lokaal Bij Heerenveen Lokaal zijn we trots op onze diverse en toegewijde fractieleden die zich inzetten voor de belangen van onze gemeenschap. Elk lid brengt unieke vaardigheden en perspectieven mee, waardoor we samen een sterke en representatieve fractie vormen. Waarom kiezen voor Heerenveen Lokaal? Onafhankelijkheid: Heerenveen Lokaal is een [&hellip;]<\/p>\n","protected":false},"author":3,"featured_media":1600,"parent":0,"menu_order":0,"comment_status":"closed","ping_status":"closed","template":"","meta":{"_acf_changed":false,"footnotes":""},"categories":[],"tags":[],"class_list":["post-1086","page","type-page","status-publish","has-post-thumbnail","hentry"],"acf":[],"yoast_head":"<!-- This site is optimized with the Yoast SEO plugin v27.4 - https:\/\/yoast.com\/product\/yoast-seo-wordpress\/ -->\n<title>de-fractie - Politiek Heerenveen - Heerenveen Lokaal<\/title>\n<meta name=\"description\" content=\"Bij Heerenveen Lokaal zijn we trots op onze diverse en toegewijde fractieleden die zich inzetten voor de gemeenschap. Kies voor onafhankelijkheid, transparantie, betrokkenheid en duurzaamheid. Stem op Heerenveen Lokaal voor een betere toekomst!\" \/>\n<meta name=\"robots\" content=\"index, follow, max-snippet:-1, max-image-preview:large, max-video-preview:-1\" \/>\n<link rel=\"canonical\" href=\"https:\/\/heerenveenlokaal.nl\/fy\/de-fractie\/\" \/>\n<meta property=\"og:locale\" content=\"en_US\" \/>\n<meta property=\"og:type\" content=\"article\" \/>\n<meta property=\"og:title\" content=\"de-fractie - Politiek Heerenveen - Heerenveen Lokaal\" \/>\n<meta property=\"og:description\" content=\"Bij Heerenveen Lokaal zijn we trots op onze diverse en toegewijde fractieleden die zich inzetten voor de gemeenschap. Kies voor onafhankelijkheid, transparantie, betrokkenheid en duurzaamheid. Stem op Heerenveen Lokaal voor een betere toekomst!\" \/>\n<meta property=\"og:url\" content=\"https:\/\/heerenveenlokaal.nl\/fy\/de-fractie\/\" \/>\n<meta property=\"og:site_name\" content=\"Politiek Heerenveen - Heerenveen Lokaal\" \/>\n<meta property=\"article:modified_time\" content=\"2026-03-28T10:11:43+00:00\" \/>\n<meta property=\"og:image\" content=\"https:\/\/heerenveenlokaal.nl\/wp-content\/uploads\/2024\/01\/AZC-Heerenveen-Poltitiek-Heerenveen.webp\" \/>\n\t<meta property=\"og:image:width\" content=\"1600\" \/>\n\t<meta property=\"og:image:height\" content=\"900\" \/>\n\t<meta property=\"og:image:type\" content=\"image\/webp\" \/>\n<meta name=\"twitter:card\" content=\"summary_large_image\" \/>\n<meta name=\"twitter:label1\" content=\"Est. l\u00eastiid\" \/>\n\t<meta name=\"twitter:data1\" content=\"3 minuten\" \/>\n<script type=\"application\/ld+json\" class=\"yoast-schema-graph\">{\"@context\":\"https:\\\/\\\/schema.org\",\"@graph\":[{\"@type\":\"WebPage\",\"@id\":\"https:\\\/\\\/heerenveenlokaal.nl\\\/de-fractie\\\/\",\"url\":\"https:\\\/\\\/heerenveenlokaal.nl\\\/de-fractie\\\/\",\"name\":\"de-fractie - Politiek Heerenveen - Heerenveen Lokaal\",\"isPartOf\":{\"@id\":\"https:\\\/\\\/heerenveenlokaal.nl\\\/#website\"},\"primaryImageOfPage\":{\"@id\":\"https:\\\/\\\/heerenveenlokaal.nl\\\/de-fractie\\\/#primaryimage\"},\"image\":{\"@id\":\"https:\\\/\\\/heerenveenlokaal.nl\\\/de-fractie\\\/#primaryimage\"},\"thumbnailUrl\":\"https:\\\/\\\/heerenveenlokaal.nl\\\/wp-content\\\/uploads\\\/2024\\\/01\\\/AZC-Heerenveen-Poltitiek-Heerenveen.webp\",\"datePublished\":\"2022-01-07T18:07:20+00:00\",\"dateModified\":\"2026-03-28T10:11:43+00:00\",\"description\":\"Bij Heerenveen Lokaal zijn we trots op onze diverse en toegewijde fractieleden die zich inzetten voor de gemeenschap. Kies voor onafhankelijkheid, transparantie, betrokkenheid en duurzaamheid. Stem op Heerenveen Lokaal voor een betere toekomst!\",\"breadcrumb\":{\"@id\":\"https:\\\/\\\/heerenveenlokaal.nl\\\/de-fractie\\\/#breadcrumb\"},\"inLanguage\":\"fy\",\"potentialAction\":[{\"@type\":\"ReadAction\",\"target\":[\"https:\\\/\\\/heerenveenlokaal.nl\\\/de-fractie\\\/\"]}]},{\"@type\":\"ImageObject\",\"inLanguage\":\"fy\",\"@id\":\"https:\\\/\\\/heerenveenlokaal.nl\\\/de-fractie\\\/#primaryimage\",\"url\":\"https:\\\/\\\/heerenveenlokaal.nl\\\/wp-content\\\/uploads\\\/2024\\\/01\\\/AZC-Heerenveen-Poltitiek-Heerenveen.webp\",\"contentUrl\":\"https:\\\/\\\/heerenveenlokaal.nl\\\/wp-content\\\/uploads\\\/2024\\\/01\\\/AZC-Heerenveen-Poltitiek-Heerenveen.webp\",\"width\":1600,\"height\":900,\"caption\":\"Heerenveen Lokaal Gemeente Belangen\"},{\"@type\":\"BreadcrumbList\",\"@id\":\"https:\\\/\\\/heerenveenlokaal.nl\\\/de-fractie\\\/#breadcrumb\",\"itemListElement\":[{\"@type\":\"ListItem\",\"position\":1,\"name\":\"Home\",\"item\":\"https:\\\/\\\/heerenveenlokaal.nl\\\/\"},{\"@type\":\"ListItem\",\"position\":2,\"name\":\"de-fractie\"}]},{\"@type\":\"WebSite\",\"@id\":\"https:\\\/\\\/heerenveenlokaal.nl\\\/#website\",\"url\":\"https:\\\/\\\/heerenveenlokaal.nl\\\/\",\"name\":\"Politiek Heerenveen - Heerenveen Lokaal\",\"description\":\"\",\"publisher\":{\"@id\":\"https:\\\/\\\/heerenveenlokaal.nl\\\/#organization\"},\"potentialAction\":[{\"@type\":\"SearchAction\",\"target\":{\"@type\":\"EntryPoint\",\"urlTemplate\":\"https:\\\/\\\/heerenveenlokaal.nl\\\/?s={search_term_string}\"},\"query-input\":{\"@type\":\"PropertyValueSpecification\",\"valueRequired\":true,\"valueName\":\"search_term_string\"}}],\"inLanguage\":\"fy\"},{\"@type\":\"Organization\",\"@id\":\"https:\\\/\\\/heerenveenlokaal.nl\\\/#organization\",\"name\":\"Politiek Heerenveen - Heerenveen Lokaal\",\"url\":\"https:\\\/\\\/heerenveenlokaal.nl\\\/\",\"logo\":{\"@type\":\"ImageObject\",\"inLanguage\":\"fy\",\"@id\":\"https:\\\/\\\/heerenveenlokaal.nl\\\/#\\\/schema\\\/logo\\\/image\\\/\",\"url\":\"https:\\\/\\\/heerenveenlokaal.nl\\\/wp-content\\\/uploads\\\/2019\\\/05\\\/cropped-cropped-Logo_Heerenveen_Lokaal_web.jpg\",\"contentUrl\":\"https:\\\/\\\/heerenveenlokaal.nl\\\/wp-content\\\/uploads\\\/2019\\\/05\\\/cropped-cropped-Logo_Heerenveen_Lokaal_web.jpg\",\"width\":512,\"height\":512,\"caption\":\"Politiek Heerenveen - Heerenveen Lokaal\"},\"image\":{\"@id\":\"https:\\\/\\\/heerenveenlokaal.nl\\\/#\\\/schema\\\/logo\\\/image\\\/\"}}]}<\/script>\n<!-- \/ Yoast SEO plugin. -->","yoast_head_json":{"title":"de-fractie - Politiek Heerenveen - Heerenveen Lokaal","description":"Bij Heerenveen Lokaal zijn we trots op onze diverse en toegewijde fractieleden die zich inzetten voor de gemeenschap. Kies voor onafhankelijkheid, transparantie, betrokkenheid en duurzaamheid. Stem op Heerenveen Lokaal voor een betere toekomst!","robots":{"index":"index","follow":"follow","max-snippet":"max-snippet:-1","max-image-preview":"max-image-preview:large","max-video-preview":"max-video-preview:-1"},"canonical":"https:\/\/heerenveenlokaal.nl\/fy\/de-fractie\/","og_locale":"en_US","og_type":"article","og_title":"de-fractie - Politiek Heerenveen - Heerenveen Lokaal","og_description":"Bij Heerenveen Lokaal zijn we trots op onze diverse en toegewijde fractieleden die zich inzetten voor de gemeenschap. Kies voor onafhankelijkheid, transparantie, betrokkenheid en duurzaamheid. Stem op Heerenveen Lokaal voor een betere toekomst!","og_url":"https:\/\/heerenveenlokaal.nl\/fy\/de-fractie\/","og_site_name":"Politiek Heerenveen - Heerenveen Lokaal","article_modified_time":"2026-03-28T10:11:43+00:00","og_image":[{"width":1600,"height":900,"url":"https:\/\/heerenveenlokaal.nl\/wp-content\/uploads\/2024\/01\/AZC-Heerenveen-Poltitiek-Heerenveen.webp","type":"image\/webp"}],"twitter_card":"summary_large_image","twitter_misc":{"Est. l\u00eastiid":"3 minuten"},"schema":{"@context":"https:\/\/schema.org","@graph":[{"@type":"WebPage","@id":"https:\/\/heerenveenlokaal.nl\/de-fractie\/","url":"https:\/\/heerenveenlokaal.nl\/de-fractie\/","name":"de-fractie - Politiek Heerenveen - Heerenveen Lokaal","isPartOf":{"@id":"https:\/\/heerenveenlokaal.nl\/#website"},"primaryImageOfPage":{"@id":"https:\/\/heerenveenlokaal.nl\/de-fractie\/#primaryimage"},"image":{"@id":"https:\/\/heerenveenlokaal.nl\/de-fractie\/#primaryimage"},"thumbnailUrl":"https:\/\/heerenveenlokaal.nl\/wp-content\/uploads\/2024\/01\/AZC-Heerenveen-Poltitiek-Heerenveen.webp","datePublished":"2022-01-07T18:07:20+00:00","dateModified":"2026-03-28T10:11:43+00:00","description":"Bij Heerenveen Lokaal zijn we trots op onze diverse en toegewijde fractieleden die zich inzetten voor de gemeenschap. Kies voor onafhankelijkheid, transparantie, betrokkenheid en duurzaamheid. Stem op Heerenveen Lokaal voor een betere toekomst!","breadcrumb":{"@id":"https:\/\/heerenveenlokaal.nl\/de-fractie\/#breadcrumb"},"inLanguage":"fy","potentialAction":[{"@type":"ReadAction","target":["https:\/\/heerenveenlokaal.nl\/de-fractie\/"]}]},{"@type":"ImageObject","inLanguage":"fy","@id":"https:\/\/heerenveenlokaal.nl\/de-fractie\/#primaryimage","url":"https:\/\/heerenveenlokaal.nl\/wp-content\/uploads\/2024\/01\/AZC-Heerenveen-Poltitiek-Heerenveen.webp","contentUrl":"https:\/\/heerenveenlokaal.nl\/wp-content\/uploads\/2024\/01\/AZC-Heerenveen-Poltitiek-Heerenveen.webp","width":1600,"height":900,"caption":"Heerenveen Lokaal Gemeente Belangen"},{"@type":"BreadcrumbList","@id":"https:\/\/heerenveenlokaal.nl\/de-fractie\/#breadcrumb","itemListElement":[{"@type":"ListItem","position":1,"name":"Home","item":"https:\/\/heerenveenlokaal.nl\/"},{"@type":"ListItem","position":2,"name":"de-fractie"}]},{"@type":"WebSite","@id":"https:\/\/heerenveenlokaal.nl\/#website","url":"https:\/\/heerenveenlokaal.nl\/","name":"Politiek Heerenveen - Heerenveen Lokaal","description":"","publisher":{"@id":"https:\/\/heerenveenlokaal.nl\/#organization"},"potentialAction":[{"@type":"SearchAction","target":{"@type":"EntryPoint","urlTemplate":"https:\/\/heerenveenlokaal.nl\/?s={search_term_string}"},"query-input":{"@type":"PropertyValueSpecification","valueRequired":true,"valueName":"search_term_string"}}],"inLanguage":"fy"},{"@type":"Organization","@id":"https:\/\/heerenveenlokaal.nl\/#organization","name":"Politiek Heerenveen - Heerenveen Lokaal","url":"https:\/\/heerenveenlokaal.nl\/","logo":{"@type":"ImageObject","inLanguage":"fy","@id":"https:\/\/heerenveenlokaal.nl\/#\/schema\/logo\/image\/","url":"https:\/\/heerenveenlokaal.nl\/wp-content\/uploads\/2019\/05\/cropped-cropped-Logo_Heerenveen_Lokaal_web.jpg","contentUrl":"https:\/\/heerenveenlokaal.nl\/wp-content\/uploads\/2019\/05\/cropped-cropped-Logo_Heerenveen_Lokaal_web.jpg","width":512,"height":512,"caption":"Politiek Heerenveen - Heerenveen Lokaal"},"image":{"@id":"https:\/\/heerenveenlokaal.nl\/#\/schema\/logo\/image\/"}}]}},"_links":{"self":[{"href":"https:\/\/heerenveenlokaal.nl\/fy\/wp-json\/wp\/v2\/pages\/1086","targetHints":{"allow":["GET"]}}],"collection":[{"href":"https:\/\/heerenveenlokaal.nl\/fy\/wp-json\/wp\/v2\/pages"}],"about":[{"href":"https:\/\/heerenveenlokaal.nl\/fy\/wp-json\/wp\/v2\/types\/page"}],"author":[{"embeddable":true,"href":"https:\/\/heerenveenlokaal.nl\/fy\/wp-json\/wp\/v2\/users\/3"}],"replies":[{"embeddable":true,"href":"https:\/\/heerenveenlokaal.nl\/fy\/wp-json\/wp\/v2\/comments?post=1086"}],"version-history":[{"count":24,"href":"https:\/\/heerenveenlokaal.nl\/fy\/wp-json\/wp\/v2\/pages\/1086\/revisions"}],"predecessor-version":[{"id":6051,"href":"https:\/\/heerenveenlokaal.nl\/fy\/wp-json\/wp\/v2\/pages\/1086\/revisions\/6051"}],"wp:featuredmedia":[{"embeddable":true,"href":"https:\/\/heerenveenlokaal.nl\/fy\/wp-json\/wp\/v2\/media\/1600"}],"wp:attachment":[{"href":"https:\/\/heerenveenlokaal.nl\/fy\/wp-json\/wp\/v2\/media?parent=1086"}],"wp:term":[{"taxonomy":"category","embeddable":true,"href":"https:\/\/heerenveenlokaal.nl\/fy\/wp-json\/wp\/v2\/categories?post=1086"},{"taxonomy":"post_tag","embeddable":true,"href":"https:\/\/heerenveenlokaal.nl\/fy\/wp-json\/wp\/v2\/tags?post=1086"}],"curies":[{"name":"wp","href":"https:\/\/api.w.org\/{rel}","templated":true}]}}